{"id":1443,"date":"2016-09-14T11:02:54","date_gmt":"2016-09-14T15:02:54","guid":{"rendered":"https:\/\/rjm.local\/religious-life\/"},"modified":"2023-09-26T16:53:18","modified_gmt":"2023-09-26T20:53:18","slug":"religious-life","status":"publish","type":"page","link":"https:\/\/rjmusa.org\/es\/unirse\/vida-religiosa\/","title":{"rendered":"Aprenda sobre la vida religiosa"},"content":{"rendered":"<p><em>Nada es m\u00e1s pr\u00e1ctico que encontrar a Dios,<br>que enamorarse de una manera absolutamente absoluta y definitiva.<br>De qu\u00e9 est\u00e1s enamorado, de qu\u00e9 se apodera de tu imaginaci\u00f3n,<br>afectar\u00e1 a todo.<\/em><\/p>\n\n\n\n<p><em>Decidir\u00e1 qu\u00e9 te sacar\u00e1 de la cama por la ma\u00f1ana,<br>qu\u00e9 haces con tus tardes, c\u00f3mo pasas tus fines de semana,<br>lo que lees, a qui\u00e9n conoces, lo que te rompe el coraz\u00f3n,<br>y lo que te asombra de alegr\u00eda y gratitud.<\/em><\/p>\n\n\n\n<p><em>Enam\u00f3rate, qu\u00e9date enamorado, y eso decidir\u00e1 todo.<\/em><\/p>\n\n\n\n<p><em>\u2013Pedro Arrupe SJ<\/em><\/p>\n\n\n\n<figure class=\"wp-block-image size-large\"><img loading=\"lazy\" decoding=\"async\" width=\"1024\" height=\"504\" src=\"https:\/\/rjmusa.org\/wp-content\/uploads\/2023\/09\/Profesion-Brit01-1024x504.png\" alt=\"\" class=\"wp-image-2122\" srcset=\"https:\/\/rjmusa.org\/wp-content\/uploads\/2023\/09\/Profesion-Brit01-1024x504.png 1024w, https:\/\/rjmusa.org\/wp-content\/uploads\/2023\/09\/Profesion-Brit01-300x148.png 300w, https:\/\/rjmusa.org\/wp-content\/uploads\/2023\/09\/Profesion-Brit01-768x378.png 768w, https:\/\/rjmusa.org\/wp-content\/uploads\/2023\/09\/Profesion-Brit01.png 1176w\" sizes=\"auto, (max-width: 1024px) 100vw, 1024px\" \/><figcaption class=\"wp-element-caption\">Brittany Galvin hace su primera profesi\u00f3n como Religiosa de Jes\u00fas y Mar\u00eda.<\/figcaption><\/figure>\n\n\n\n<h2 class=\"wp-block-heading\">La iniciativa de Dios\u2026 Mi respuesta<\/h2>\n\n\n\n<p>En virtud de nuestro bautismo, como miembros de la comunidad de fe, todos compartimos una vocaci\u00f3n com\u00fan de vivir una vida que exprese el amor de Dios hecho carne en Jesucristo.&nbsp;<\/p>\n\n\n\n<p>Una vocaci\u00f3n no es un acontecimiento \u00fanico. Es un desarrollo gradual de nuestro camino de fe durante el cual Dios nos invita a encontrar nuestro estilo distintivo de amar.&nbsp;<\/p>\n\n\n\n<p>Nuestra responsabilidad es discernir los movimientos del Esp\u00edritu en nuestro coraz\u00f3n que nos llevan a descubrir c\u00f3mo podemos servir mejor a Dios y al pueblo de Dios; c\u00f3mo podemos cooperar con el amor de Dios y la vida de Dios dentro de nosotros de la forma m\u00e1s generosa y aut\u00e9ntica.<\/p>\n\n\n\n<p>Lo que Dios quiere para nosotros, y de nosotros, es vivir el Evangelio en nuestra vida diaria; servir al pueblo de Dios con generosidad y compasi\u00f3n. Es algo dentro de nosotros que podemos descubrir al comprendernos a nosotros mismos, la experiencia de nuestra vida y, muy especialmente, nuestra experiencia de Dios.&nbsp;<\/p>\n\n\n\n<p>Al trazar el hilo de la presencia de Dios en nuestra vida, podemos comenzar a notar la direcci\u00f3n que nuestra vida debe tomar para ser fiel a esta experiencia personal de Dios que es \u00fanica para cada uno de nosotros.<\/p>\n\n\n\n<p>Las Religiosas de Jes\u00fas y Mar\u00eda creen que \u201cEn toda vocaci\u00f3n la iniciativa viene de Dios. Nos llama a un encuentro personal y pide una respuesta \u00fanica: un compromiso de por vida para seguir m\u00e1s de cerca a Cristo\u201d. (Constituciones 51)<\/p>\n\n\n\n<p>Cualquiera que sea la forma que adopte nuestra vocaci\u00f3n, s\u00f3lo tiene sentido si surge de nuestra relaci\u00f3n personal y continua con Dios. Descubrir nuestra vocaci\u00f3n significa encontrar la forma m\u00e1s aut\u00e9ntica, fiel y honesta de vivir esa relaci\u00f3n, de honrar la verdad de Dios en nosotros.<\/p>\n\n\n\n<h2 class=\"wp-block-heading\">De Nuestras Constituciones\u2026<\/h2>\n\n\n\n<h3 class=\"wp-block-heading\">Comunidad<\/h3>\n\n\n\n<p>Formamos comunidades dadoras de vida donde buscamos compartir qui\u00e9nes somos y lo que tenemos, nuestras alegr\u00edas y tristezas, proyectos y desaf\u00edos. Juntos escuchamos a Dios, discernimos su voluntad sobre nuestra manera de vivir la vida comunitaria, las nuevas llamadas de la misi\u00f3n y las posibles respuestas. Cada una colabora con sus capacidades y sus limitaciones, a hacer de la comunidad un lugar donde se vivan y compartan los valores evang\u00e9licos, especialmente los valores de nuestro carisma. Se da especial importancia a vivir el perd\u00f3n en comunidad. (CA 68)<\/p>\n\n\n\n<h3 class=\"wp-block-heading\">Oraci\u00f3n<\/h3>\n\n\n\n<p>La oraci\u00f3n personal y comunitaria es una dimensi\u00f3n esencial de nuestra vida consagrada. La oraci\u00f3n es un don del Esp\u00edritu que nos permite participar en la misi\u00f3n del Hijo. Nos ayuda a encontrar a Dios en todas las cosas y a manifestar el amor de Dios al mundo. (CA 48)<\/p>\n\n\n\n<h3 class=\"wp-block-heading\">Misi\u00f3n Apost\u00f3lica<\/h3>\n\n\n\n<p>Cada comunidad asume la responsabilidad del trabajo de todos sus miembros, apoyando a cada uno con el inter\u00e9s, el est\u00edmulo y la oraci\u00f3n. Cualquiera que sea la tarea que se nos conf\u00eda individualmente, todos compartimos la \u00fanica misi\u00f3n. Por nuestra consagraci\u00f3n religiosa debemos reflejar a Cristo en nuestras vidas y ser una presencia evangelizadora en el mundo. (C46)<\/p>\n\n\n\n<h2 class=\"wp-block-heading\">Explora tu vocaci\u00f3n con nosotros\u2026<\/h2>\n\n\n\n<p><a href=\"https:\/\/rjmusa.org\/es\/contacto\/\"><em>Contacta a las hermanas de la Provincia USA-Hait\u00ed para saber m\u00e1s sobre ser hermana.<\/em><\/a><\/p>\n\n\n\n<p><a rel=\"noreferrer noopener\" href=\"https:\/\/www.rjmgeneral.org\/en\/collaborate\/join-rjm\/\" target=\"_blank\"><em>Haga clic aqu\u00ed para conocer el proceso de formaci\u00f3n y c\u00f3mo convertirse en RJM en varias partes del mundo.<\/em><\/a><\/p>\n\n\n\n<h2 class=\"wp-block-heading\">Enlaces<\/h2>\n\n\n\n<ul class=\"wp-block-list\">\n<li><a href=\"http:\/\/thinkjesuit.org\/rummaging-for-god-praying-backward-through-your-day\/\" target=\"_blank\" rel=\"noopener\">Art\u00edculo sobre el examen de conciencia realizado por los jesuitas<\/a><\/li>\n\n\n\n<li><a href=\"http:\/\/sacredspace.ie\/\" target=\"_blank\" rel=\"noopener\">Oraci\u00f3n de diez minutos con las Escrituras.<\/a><\/li>\n\n\n\n<li><a href=\"http:\/\/sacredspace.ie\/es\/\" target=\"_blank\" rel=\"noopener\">Diez minutos en oraci\u00f3n con textos b\u00edblicos<\/a><\/li>\n\n\n\n<li><a href=\"http:\/\/trovador.ning.com\/profile\/Ainkarem?xg_source=activity\" target=\"_blank\" rel=\"noopener\">Ingresa a esta p\u00e1gina, espera unos segundos y podr\u00e1s escuchar m\u00fasica en espa\u00f1ol. <\/a>(M\u00fasica en espa\u00f1ol)<\/li>\n\n\n\n<li><a rel=\"noopener\" href=\"http:\/\/tjcesp.blogspot.com\/\" target=\"_blank\">Blog de la Colaborativa Jesuita <\/a><\/li>\n<\/ul>\n\n\n<style>.wp-block-kadence-advancedgallery .kb-gallery-type-grid.kb-gallery-id-_f57ced-de{margin:-5px;}.kb-gallery-type-grid.kb-gallery-id-_f57ced-de .kadence-blocks-gallery-item{padding:5px;}.kb-gallery-id-_f57ced-de .kadence-blocks-gallery-item .kb-gal-image-radius{border-radius:0px 0px 0px 0px;}<\/style><div class=\"kb-gallery-wrap-id-_f57ced-de alignnone wp-block-kadence-advancedgallery\"><ul class=\"kb-gallery-ul kb-gallery-non-static kb-gallery-type-grid kb-gallery-id-_f57ced-de kb-gallery-caption-style-bottom-hover kb-gallery-filter-none\" data-image-filter=\"none\" data-item-selector=\".kadence-blocks-gallery-item\" data-lightbox-caption=\"true\" data-columns-xxl=\"4\" data-columns-xl=\"4\" data-columns-md=\"4\" data-columns-sm=\"3\" data-columns-xs=\"2\" data-columns-ss=\"2\"><li class=\"kadence-blocks-gallery-item\"><div class=\"kadence-blocks-gallery-item-inner\"><figure class=\"kb-gallery-figure kadence-blocks-gallery-item-hide-caption\" \"><div class=\"kb-gal-image-radius\"><div class=\"kb-gallery-image-contain kadence-blocks-gallery-intrinsic kb-gallery-image-ratio-land32 kb-has-image-ratio-land32\" ><img loading=\"lazy\" decoding=\"async\" src=\"https:\/\/rjmusa.org\/wp-content\/uploads\/2016\/09\/NovicesAndPostulants.jpg\" width=\"276\" height=\"250\" alt=\"Novicios en la Provincia de Pakist\u00e1n\" data-full-image=\"https:\/\/rjmusa.org\/wp-content\/uploads\/2016\/09\/NovicesAndPostulants.jpg\" data-light-image=\"https:\/\/rjmusa.org\/wp-content\/uploads\/2016\/09\/NovicesAndPostulants.jpg\" data-id=\"1477\" class=\"wp-image-1477\"\/><\/div><\/div><\/figure><\/div><\/li><li class=\"kadence-blocks-gallery-item\"><div class=\"kadence-blocks-gallery-item-inner\"><figure class=\"kb-gallery-figure kadence-blocks-gallery-item-hide-caption\" \"><div class=\"kb-gal-image-radius\"><div class=\"kb-gallery-image-contain kadence-blocks-gallery-intrinsic kb-gallery-image-ratio-land32 kb-has-image-ratio-land32\" ><img loading=\"lazy\" decoding=\"async\" src=\"https:\/\/rjmusa.org\/wp-content\/uploads\/2016\/09\/JuniorsEuropeIreSp.jpg\" width=\"368\" height=\"250\" alt=\"Hermanas menores de la Provincia de Europa, Provincia de Irlanda\" data-full-image=\"https:\/\/rjmusa.org\/wp-content\/uploads\/2016\/09\/JuniorsEuropeIreSp.jpg\" data-light-image=\"https:\/\/rjmusa.org\/wp-content\/uploads\/2016\/09\/JuniorsEuropeIreSp.jpg\" data-id=\"1478\" class=\"wp-image-1478\" srcset=\"https:\/\/rjmusa.org\/wp-content\/uploads\/2016\/09\/JuniorsEuropeIreSp.jpg 368w, https:\/\/rjmusa.org\/wp-content\/uploads\/2016\/09\/JuniorsEuropeIreSp-300x204.jpg 300w\" sizes=\"auto, (max-width: 368px) 100vw, 368px\" \/><\/div><\/div><\/figure><\/div><\/li><li class=\"kadence-blocks-gallery-item\"><div class=\"kadence-blocks-gallery-item-inner\"><figure class=\"kb-gallery-figure kadence-blocks-gallery-item-hide-caption\" \"><div class=\"kb-gal-image-radius\"><div class=\"kb-gallery-image-contain kadence-blocks-gallery-intrinsic kb-gallery-image-ratio-land32 kb-has-image-ratio-land32\" ><img loading=\"lazy\" decoding=\"async\" src=\"https:\/\/rjmusa.org\/wp-content\/uploads\/2016\/09\/AspirantsAndNovices.jpg\" width=\"376\" height=\"250\" alt=\"Aspirantes en Provincia de Pakist\u00e1n\" data-full-image=\"https:\/\/rjmusa.org\/wp-content\/uploads\/2016\/09\/AspirantsAndNovices.jpg\" data-light-image=\"https:\/\/rjmusa.org\/wp-content\/uploads\/2016\/09\/AspirantsAndNovices.jpg\" data-id=\"1479\" class=\"wp-image-1479\" srcset=\"https:\/\/rjmusa.org\/wp-content\/uploads\/2016\/09\/AspirantsAndNovices.jpg 376w, https:\/\/rjmusa.org\/wp-content\/uploads\/2016\/09\/AspirantsAndNovices-300x199.jpg 300w\" sizes=\"auto, (max-width: 376px) 100vw, 376px\" \/><\/div><\/div><\/figure><\/div><\/li><li class=\"kadence-blocks-gallery-item\"><div class=\"kadence-blocks-gallery-item-inner\"><figure class=\"kb-gallery-figure kadence-blocks-gallery-item-hide-caption\" \"><div class=\"kb-gal-image-radius\"><div class=\"kb-gallery-image-contain kadence-blocks-gallery-intrinsic kb-gallery-image-ratio-land32 kb-has-image-ratio-land32\" ><img loading=\"lazy\" decoding=\"async\" src=\"https:\/\/rjmusa.org\/wp-content\/uploads\/2016\/09\/LatinoamericanjuniorsBolivia.jpg\" width=\"188\" height=\"250\" alt=\"Juniors latinoamericanos en el Encuentro Internacional de RJM en Bolivia\" data-full-image=\"https:\/\/rjmusa.org\/wp-content\/uploads\/2016\/09\/LatinoamericanjuniorsBolivia.jpg\" data-light-image=\"https:\/\/rjmusa.org\/wp-content\/uploads\/2016\/09\/LatinoamericanjuniorsBolivia.jpg\" data-id=\"1480\" class=\"wp-image-1480\"\/><\/div><\/div><\/figure><\/div><\/li><\/ul><\/div>","protected":false},"excerpt":{"rendered":"<p>La vocaci\u00f3n no es un acontecimiento \u00fanico, sino un proceso gradual de nuestro camino de fe, durante el cual Dios nos invita a encontrar nuestro estilo distintivo de amar. Nuestra responsabilidad es discernir los movimientos del Esp\u00edritu en nuestro coraz\u00f3n que nos llevan a descubrir c\u00f3mo podemos servir mejor a Dios y a su pueblo; c\u00f3mo podemos cooperar con el amor de Dios y con la vida de Dios en nosotros de la manera m\u00e1s generosa y aut\u00e9ntica.<\/p>","protected":false},"author":2,"featured_media":1442,"parent":1431,"menu_order":0,"comment_status":"closed","ping_status":"closed","template":"","meta":{"_kad_blocks_custom_css":"","_kad_blocks_head_custom_js":"","_kad_blocks_body_custom_js":"","_kad_blocks_footer_custom_js":"","_kad_post_transparent":"","_kad_post_title":"","_kad_post_layout":"","_kad_post_sidebar_id":"","_kad_post_content_style":"","_kad_post_vertical_padding":"","_kad_post_feature":"","_kad_post_feature_position":"","_kad_post_header":false,"_kad_post_footer":false,"footnotes":""},"section":[192],"class_list":["post-1443","page","type-page","status-publish","has-post-thumbnail","hentry","section-join-our-mission"],"acf":[],"taxonomy_info":{"section":[{"value":192,"label":"Join Our Mission"}]},"featured_image_src_large":["https:\/\/rjmusa.org\/wp-content\/uploads\/2016\/09\/bilbehandscandle.jpg",269,200,false],"author_info":{"display_name":"root","author_link":"https:\/\/rjmusa.org\/es\/author\/root\/"},"comment_info":0,"_links":{"self":[{"href":"https:\/\/rjmusa.org\/es\/wp-json\/wp\/v2\/pages\/1443","targetHints":{"allow":["GET"]}}],"collection":[{"href":"https:\/\/rjmusa.org\/es\/wp-json\/wp\/v2\/pages"}],"about":[{"href":"https:\/\/rjmusa.org\/es\/wp-json\/wp\/v2\/types\/page"}],"author":[{"embeddable":true,"href":"https:\/\/rjmusa.org\/es\/wp-json\/wp\/v2\/users\/2"}],"replies":[{"embeddable":true,"href":"https:\/\/rjmusa.org\/es\/wp-json\/wp\/v2\/comments?post=1443"}],"version-history":[{"count":0,"href":"https:\/\/rjmusa.org\/es\/wp-json\/wp\/v2\/pages\/1443\/revisions"}],"up":[{"embeddable":true,"href":"https:\/\/rjmusa.org\/es\/wp-json\/wp\/v2\/pages\/1431"}],"wp:featuredmedia":[{"embeddable":true,"href":"https:\/\/rjmusa.org\/es\/wp-json\/wp\/v2\/media\/1442"}],"wp:attachment":[{"href":"https:\/\/rjmusa.org\/es\/wp-json\/wp\/v2\/media?parent=1443"}],"wp:term":[{"taxonomy":"section","embeddable":true,"href":"https:\/\/rjmusa.org\/es\/wp-json\/wp\/v2\/section?post=1443"}],"curies":[{"name":"wp","href":"https:\/\/api.w.org\/{rel}","templated":true}]}}