{"id":2314,"date":"2024-02-01T12:36:12","date_gmt":"2024-02-01T17:36:12","guid":{"rendered":"https:\/\/rjmusa.org\/?page_id=2314"},"modified":"2025-01-23T17:10:28","modified_gmt":"2025-01-23T22:10:28","slug":"education-news","status":"publish","type":"page","link":"https:\/\/rjmusa.org\/fr\/actualites-sur-leducation\/","title":{"rendered":"Actualit\u00e9s sur RJM \u00c9ducation"},"content":{"rendered":"<div class=\"wp-block-image\">\n<figure class=\"aligncenter size-large is-resized\"><img loading=\"lazy\" decoding=\"async\" width=\"1024\" height=\"352\" src=\"https:\/\/rjmusa.org\/wp-content\/uploads\/2024\/02\/Catholic-Schools-Week-Banner-1024x352.jpg\" alt=\"\" class=\"wp-image-2315\" style=\"width:715px;height:auto\" srcset=\"https:\/\/rjmusa.org\/wp-content\/uploads\/2024\/02\/Catholic-Schools-Week-Banner-1024x352.jpg 1024w, https:\/\/rjmusa.org\/wp-content\/uploads\/2024\/02\/Catholic-Schools-Week-Banner-300x103.jpg 300w, https:\/\/rjmusa.org\/wp-content\/uploads\/2024\/02\/Catholic-Schools-Week-Banner-768x264.jpg 768w, https:\/\/rjmusa.org\/wp-content\/uploads\/2024\/02\/Catholic-Schools-Week-Banner-1536x528.jpg 1536w, https:\/\/rjmusa.org\/wp-content\/uploads\/2024\/02\/Catholic-Schools-Week-Banner-2048x704.jpg 2048w\" sizes=\"auto, (max-width: 1024px) 100vw, 1024px\" \/><\/figure>\n<\/div>\n\n\n<h2 class=\"wp-block-heading has-text-align-center\">\u00c9cole Montessori Th\u00e9venet (Highland Mills, NY)<\/h2>\n\n\n\n<p class=\"has-text-align-center\"><a href=\"https:\/\/www.thephoto-news.com\/news\/local-news\/thevenet-montessori-school-expands-NCPN20160420160429997\" target=\"_blank\" rel=\"noreferrer noopener\"><strong>L&#039;\u00e9cole Montessori de Thevenet s&#039;agrandit<\/strong><\/a><br>L&#039;actualit\u00e9 photo \u2013 20 avril 2016<\/p>\n\n\n\n<p class=\"has-text-align-center\"><strong><a href=\"https:\/\/www.thephoto-news.com\/news\/a-sentimental-centennial-LWPN20110422304229928\" target=\"_blank\" rel=\"noreferrer noopener\">Un centenaire sentimental<\/a><\/strong><br>L&#039;actualit\u00e9 photo du 22 f\u00e9vrier 2012<\/p>\n\n\n\n<div class=\"wp-block-buttons is-content-justification-center is-layout-flex wp-container-core-buttons-is-layout-16018d1d wp-block-buttons-is-layout-flex\">\n<div class=\"wp-block-button is-style-outline is-style-outline--1\"><a class=\"wp-block-button__link wp-element-button\" href=\"https:\/\/www.thevenetmontessorischool.org\/\" target=\"_blank\" rel=\"noreferrer noopener\">Plus d&#039;informations sur leur site Web<\/a><\/div>\n<\/div>\n\n\n\n<h2 class=\"wp-block-heading has-text-align-center\">L&#039;\u00e9cole de filles de Washington (DC)<\/h2>\n\n\n\n<p class=\"has-text-align-center\"><a href=\"https:\/\/www.globalsistersreport.org\/social-justice\/sisters-collaborate-equitable-education-washington-school-girls\" target=\"_blank\" rel=\"noreferrer noopener\"><strong>Des s\u0153urs collaborent pour une \u00e9ducation \u00e9quitable \u00e0 la Washington School for Girls<\/strong><\/a><br>Rapport de Global Sisters \u2013 12 septembre 2024<\/p>\n\n\n\n<p class=\"has-text-align-center\"><strong><a href=\"https:\/\/www.blackcatholicmessenger.org\/wsg-breaks-ground-on-25m-expansion\/\" target=\"_blank\" rel=\"noreferrer noopener\">L&#039;\u00e9cole Washington School for Girls pose la premi\u00e8re pierre de l&#039;agrandissement $25M<\/a><\/strong><br>Messager catholique noir \u2013 2 mai 2024<\/p>\n\n\n\n<p class=\"has-text-align-center\"><strong><a href=\"https:\/\/www.cathstan.org\/local\/as-washington-school-for-girls-marks-25th-anniversary-three-graduating-eighth-graders-reflect-on-its-impact\">Alors que la Washington School for Girls c\u00e9l\u00e8bre son 25e anniversaire, trois \u00e9l\u00e8ves dipl\u00f4m\u00e9es de huiti\u00e8me ann\u00e9e r\u00e9fl\u00e9chissent \u00e0 son impact<\/a><\/strong><br>Catholic Standard \u2013 3 juin 2022<\/p>\n\n\n\n<p class=\"has-text-align-center\"><strong><a href=\"https:\/\/www.cathstan.org\/local\/at-the-washington-school-for-girls-the-world-is-wide-open-to-students\">\u00c0 la Washington School for Girls, \u00ab le monde est grand ouvert \u00bb aux \u00e9l\u00e8ves<\/a><\/strong><br>Catholic Standard \u2013 11 mars 2019<\/p>\n\n\n\n<div class=\"wp-block-buttons is-content-justification-center is-layout-flex wp-container-core-buttons-is-layout-16018d1d wp-block-buttons-is-layout-flex\">\n<div class=\"wp-block-button is-style-outline is-style-outline--2\"><a class=\"wp-block-button__link wp-element-button\" href=\"https:\/\/washingtonschoolforgirls.org\/\" target=\"_blank\" rel=\"noreferrer noopener\">Plus d&#039;informations sur leur site Web<\/a><\/div>\n<\/div>\n\n\n\n<h2 class=\"wp-block-heading has-text-align-center\">\u00c9cole Sainte-Frances de Chantal (Bronx, NY)<\/h2>\n\n\n\n<p class=\"has-text-align-center\"><strong><a href=\"https:\/\/www.cny.org\/stories\/cardinals-blessing,24509\" target=\"_blank\" rel=\"noreferrer noopener\">B\u00e9n\u00e9diction du cardinal<\/a><\/strong><br>New York catholique \u2013 19 octobre 2022<\/p>\n\n\n\n<p class=\"has-text-align-center\"><strong><a href=\"https:\/\/youtu.be\/S_dQ00vG7Mc?si=ZIqitHR2ZFUob7bT\">Le cardinal Dolan visite l&#039;\u00e9cole Sainte-France de Chantal dans le Bronx<\/a><\/strong><br>\u00c9coles catholiques de New York \u2013 15 octobre 2022<\/p>\n\n\n\n<div class=\"wp-block-buttons is-content-justification-center is-layout-flex wp-container-core-buttons-is-layout-16018d1d wp-block-buttons-is-layout-flex\">\n<div class=\"wp-block-button is-style-outline is-style-outline--3\"><a class=\"wp-block-button__link wp-element-button\" href=\"https:\/\/sfdchantalschool.org\/\" target=\"_blank\" rel=\"noreferrer noopener\">Plus d&#039;informations sur leur site Web<\/a><\/div>\n<\/div>\n\n\n\n<h2 class=\"wp-block-heading has-text-align-center\">\u00c9cole internationale St. Francis (Maryland)<\/h2>\n\n\n\n<p class=\"has-text-align-center\"><em>form\u00e9 de la fusion de St. Mark School (Hyattsville) et St. Camillus (Silver Spring)<\/em><\/p>\n\n\n\n<p class=\"has-text-align-center\"><strong><a href=\"https:\/\/www.cathstan.org\/faith\/saints-go-marching-in-as-students-at-st-francis-international-school-mark-all-saints-day-with-parade\">\u00ab Les saints d\u00e9filent \u00bb : les \u00e9l\u00e8ves de l&#039;\u00e9cole internationale St. Francis c\u00e9l\u00e8brent la Toussaint avec un d\u00e9fil\u00e9<\/a><\/strong><br>Catholic Standard \u2013 2 novembre 2022<\/p>\n\n\n\n<p class=\"has-text-align-center\"><strong><a href=\"https:\/\/www.cathstan.org\/local\/religious-of-jesus-and-mary-return-to-site-of-regina-high-school-to-support-covid-19-food-relief-effort\" target=\"_blank\" rel=\"noreferrer noopener\">Les religieux de J\u00e9sus et Marie retournent sur le site de l&#039;\u00e9cole secondaire de Regina pour soutenir l&#039;effort de secours alimentaire li\u00e9 \u00e0 la COVID-19<\/a><\/strong><br>Catholic Standard \u2013 10 septembre 2020<\/p>\n\n\n\n<p class=\"has-text-align-center\"><strong><a href=\"https:\/\/www.cathstan.org\/local\/st-francis-international-school-celebrates-10th-catholic-schools-week\" target=\"_blank\" rel=\"noreferrer noopener\">L&#039;\u00e9cole internationale St. Francis c\u00e9l\u00e8bre la 10e Semaine des \u00e9coles catholiques<\/a><\/strong><br>Catholic Standard \u2013 30 janvier 2020<\/p>\n\n\n\n<p class=\"has-text-align-center\"><strong><a href=\"https:\/\/www.ncronline.org\/news\/parish\/maryland-catholic-school-finds-its-footing-amid-demographic-shifts\" target=\"_blank\" rel=\"noreferrer noopener\">L&#039;\u00e9cole catholique du Maryland trouve sa place dans un contexte de changements d\u00e9mographiques<\/a><\/strong><br>National Catholic Reporter \u2013 9 septembre 2014<\/p>\n\n\n\n<div class=\"wp-block-buttons is-content-justification-center is-layout-flex wp-container-core-buttons-is-layout-16018d1d wp-block-buttons-is-layout-flex\">\n<div class=\"wp-block-button is-style-outline is-style-outline--4\"><a class=\"wp-block-button__link wp-element-button\" href=\"https:\/\/saintfrancisinternational.org\/\" target=\"_blank\" rel=\"noreferrer noopener\">Plus d&#039;informations sur leur site Web<\/a><\/div>\n<\/div>\n\n\n\n<h2 class=\"wp-block-heading has-text-align-center\">Anciens \u00e9l\u00e8ves des \u00e9coles RJM aux USA<\/h2>\n\n\n\n<div class=\"wp-block-buttons is-content-justification-center is-layout-flex wp-container-core-buttons-is-layout-16018d1d wp-block-buttons-is-layout-flex\">\n<div class=\"wp-block-button\"><a class=\"wp-block-button__link wp-element-button\" href=\"https:\/\/rjmusa.org\/fr\/education\/#alumni\">Les anciens \u00e9l\u00e8ves des \u00e9coles RJM peuvent se connecter avec les s\u0153urs<\/a><\/div>\n<\/div>\n\n\n\n<h2 class=\"wp-block-heading has-text-align-center\">Minist\u00e8res de l&#039;\u00c9ducation RJM en Ha\u00efti<\/h2>\n\n\n\n<div class=\"wp-block-buttons is-content-justification-center is-layout-flex wp-container-core-buttons-is-layout-16018d1d wp-block-buttons-is-layout-flex\">\n<div class=\"wp-block-button\"><a class=\"wp-block-button__link wp-element-button\" href=\"https:\/\/rjmusa.org\/fr\/haiti\/\">En savoir plus sur les minist\u00e8res RJM en Ha\u00efti<\/a><\/div>\n<\/div>\n\n\n\n<h2 class=\"wp-block-heading has-text-align-center\">Minist\u00e8res de l&#039;\u00c9ducation RJM \u00e0 travers le monde<\/h2>\n\n\n\n<div class=\"wp-block-buttons is-content-justification-center is-layout-flex wp-container-core-buttons-is-layout-16018d1d wp-block-buttons-is-layout-flex\">\n<div class=\"wp-block-button\"><a class=\"wp-block-button__link wp-element-button\" href=\"https:\/\/rjmusa.org\/fr\/education\/\">EN SAVOIR PLUS SUR L&#039;ENGAGEMENT MONDIAL DU RJM ENVERS L&#039;\u00c9DUCATION<\/a><\/div>\n<\/div>","protected":false},"excerpt":{"rendered":"<p>\u00c9cole Montessori Thevenet (Highland Mills, NY) L&#039;\u00e9cole Montessori Thevenet s&#039;agranditThe Photo News \u2013 20 avril 2016 Un centenaire sentimentalThe Photo News \u2013 22 f\u00e9vrier 2012 Les s\u0153urs de la Washington School for Girls (DC) collaborent pour une \u00e9ducation \u00e9quitable \u00e0 la Washington School for GirlsGlobal Sisters Report \u2013 12 septembre 2024 La Washington School for Girls pose la premi\u00e8re pierre du $25M\u2026<\/p>","protected":false},"author":7,"featured_media":0,"parent":0,"menu_order":0,"comment_status":"closed","ping_status":"closed","template":"","meta":{"_kad_blocks_custom_css":"","_kad_blocks_head_custom_js":"","_kad_blocks_body_custom_js":"","_kad_blocks_footer_custom_js":"","_kad_post_transparent":"","_kad_post_title":"","_kad_post_layout":"","_kad_post_sidebar_id":"","_kad_post_content_style":"","_kad_post_vertical_padding":"","_kad_post_feature":"","_kad_post_feature_position":"","_kad_post_header":false,"_kad_post_footer":false,"footnotes":""},"section":[215],"class_list":["post-2314","page","type-page","status-publish","hentry","section-news"],"acf":[],"taxonomy_info":{"section":[{"value":215,"label":"RJM News"}]},"featured_image_src_large":false,"author_info":{"display_name":"Toby Harkleroad","author_link":"https:\/\/rjmusa.org\/fr\/author\/toby\/"},"comment_info":0,"_links":{"self":[{"href":"https:\/\/rjmusa.org\/fr\/wp-json\/wp\/v2\/pages\/2314","targetHints":{"allow":["GET"]}}],"collection":[{"href":"https:\/\/rjmusa.org\/fr\/wp-json\/wp\/v2\/pages"}],"about":[{"href":"https:\/\/rjmusa.org\/fr\/wp-json\/wp\/v2\/types\/page"}],"author":[{"embeddable":true,"href":"https:\/\/rjmusa.org\/fr\/wp-json\/wp\/v2\/users\/7"}],"replies":[{"embeddable":true,"href":"https:\/\/rjmusa.org\/fr\/wp-json\/wp\/v2\/comments?post=2314"}],"version-history":[{"count":0,"href":"https:\/\/rjmusa.org\/fr\/wp-json\/wp\/v2\/pages\/2314\/revisions"}],"wp:attachment":[{"href":"https:\/\/rjmusa.org\/fr\/wp-json\/wp\/v2\/media?parent=2314"}],"wp:term":[{"taxonomy":"section","embeddable":true,"href":"https:\/\/rjmusa.org\/fr\/wp-json\/wp\/v2\/section?post=2314"}],"curies":[{"name":"wp","href":"https:\/\/api.w.org\/{rel}","templated":true}]}}